{"version":"1.0","provider_name":"Sand\u017eak PRESS","provider_url":"https:\/\/sandzakpress.net\/arhiva","author_name":"Agencija","author_url":"https:\/\/sandzakpress.net\/arhiva\/author\/agencija\/","title":"Zukorli\u0107 sa parlamentarcima uspje\u0161no okon\u010dao posjetu Kataru","type":"rich","width":600,"height":338,"html":"<blockquote class=\"wp-embedded-content\" data-secret=\"pJW5g4s7Ta\"><a href=\"https:\/\/sandzakpress.net\/arhiva\/zukorlic-sa-parlamentarcima-uspjesno-okoncao-posjetu-kataru\/\">Zukorli\u0107 sa parlamentarcima uspje\u0161no okon\u010dao posjetu Kataru<\/a><\/blockquote><iframe sandbox=\"allow-scripts\" security=\"restricted\" src=\"https:\/\/sandzakpress.net\/arhiva\/zukorlic-sa-parlamentarcima-uspjesno-okoncao-posjetu-kataru\/embed\/#?secret=pJW5g4s7Ta\" width=\"600\" height=\"338\" title=\"&#8220;Zukorli\u0107 sa parlamentarcima uspje\u0161no okon\u010dao posjetu Kataru&#8221; &#8212; Sand\u017eak PRESS\" data-secret=\"pJW5g4s7Ta\" frameborder=\"0\" marginwidth=\"0\" marginheight=\"0\" scrolling=\"no\" class=\"wp-embedded-content\"><\/iframe><script type=\"text\/javascript\">\n\/* <![CDATA[ *\/\n\/*! This file is auto-generated *\/\n!function(d,l){\"use strict\";l.querySelector&&d.addEventListener&&\"undefined\"!=typeof URL&&(d.wp=d.wp||{},d.wp.receiveEmbedMessage||(d.wp.receiveEmbedMessage=function(e){var t=e.data;if((t||t.secret||t.message||t.value)&&!\/[^a-zA-Z0-9]\/.test(t.secret)){for(var s,r,n,a=l.querySelectorAll('iframe[data-secret=\"'+t.secret+'\"]'),o=l.querySelectorAll('blockquote[data-secret=\"'+t.secret+'\"]'),c=new RegExp(\"^https?:$\",\"i\"),i=0;i<o.length;i++)o[i].style.display=\"none\";for(i=0;i<a.length;i++)s=a[i],e.source===s.contentWindow&&(s.removeAttribute(\"style\"),\"height\"===t.message?(1e3<(r=parseInt(t.value,10))?r=1e3:~~r<200&&(r=200),s.height=r):\"link\"===t.message&&(r=new URL(s.getAttribute(\"src\")),n=new URL(t.value),c.test(n.protocol))&&n.host===r.host&&l.activeElement===s&&(d.top.location.href=t.value))}},d.addEventListener(\"message\",d.wp.receiveEmbedMessage,!1),l.addEventListener(\"DOMContentLoaded\",function(){for(var e,t,s=l.querySelectorAll(\"iframe.wp-embedded-content\"),r=0;r<s.length;r++)(t=(e=s[r]).getAttribute(\"data-secret\"))||(t=Math.random().toString(36).substring(2,12),e.src+=\"#?secret=\"+t,e.setAttribute(\"data-secret\",t)),e.contentWindow.postMessage({message:\"ready\",secret:t},\"*\")},!1)))}(window,document);\n\/* ]]> *\/\n<\/script>\n","thumbnail_url":"https:\/\/sandzakpress.net\/arhiva\/wp-content\/uploads\/2017\/11\/00.jpg","thumbnail_width":1280,"thumbnail_height":960,"description":"&nbsp; Peto\u010dlana delegacija Narodne skup\u0161tine Republike Srbije koju su \u010dinili \u010dlanovi Poslani\u010dke grupe prijateljstva sa Katarom koju je predvodio narodni poslanik dr. Muamer Zukorli\u0107 uspje\u0161no je okon\u010dala dvodnevnu posjetu ovoj bliskoisto\u010dnoj zemlji. U ambijentu unapre\u0111enja prijateljskih odnosa za koje je vidno izra\u017eeno interesovanje obije strane, uprili\u010deni su susreti i razgovori sa rukovodstvom Ministarstva unutra\u0161njih poslova, [&hellip;]"}