{"version":"1.0","provider_name":"Sand\u017eak PRESS","provider_url":"https:\/\/sandzakpress.net\/arhiva","author_name":"bosniak","author_url":"https:\/\/sandzakpress.net\/arhiva\/author\/bosniak\/","title":"Ve\u0107i dio grada na adresi Nova b.b.","type":"rich","width":600,"height":338,"html":"<blockquote class=\"wp-embedded-content\" data-secret=\"K5XbxP3e8n\"><a href=\"https:\/\/sandzakpress.net\/arhiva\/veci-dio-grada-na-adresi-nova-b-b\/\">Ve\u0107i dio grada na adresi Nova b.b.<\/a><\/blockquote><iframe sandbox=\"allow-scripts\" security=\"restricted\" src=\"https:\/\/sandzakpress.net\/arhiva\/veci-dio-grada-na-adresi-nova-b-b\/embed\/#?secret=K5XbxP3e8n\" width=\"600\" height=\"338\" title=\"&#8220;Ve\u0107i dio grada na adresi Nova b.b.&#8221; &#8212; Sand\u017eak PRESS\" data-secret=\"K5XbxP3e8n\" frameborder=\"0\" marginwidth=\"0\" marginheight=\"0\" scrolling=\"no\" class=\"wp-embedded-content\"><\/iframe><script type=\"text\/javascript\">\n\/* <![CDATA[ *\/\n\/*! This file is auto-generated *\/\n!function(d,l){\"use strict\";l.querySelector&&d.addEventListener&&\"undefined\"!=typeof URL&&(d.wp=d.wp||{},d.wp.receiveEmbedMessage||(d.wp.receiveEmbedMessage=function(e){var t=e.data;if((t||t.secret||t.message||t.value)&&!\/[^a-zA-Z0-9]\/.test(t.secret)){for(var s,r,n,a=l.querySelectorAll('iframe[data-secret=\"'+t.secret+'\"]'),o=l.querySelectorAll('blockquote[data-secret=\"'+t.secret+'\"]'),c=new RegExp(\"^https?:$\",\"i\"),i=0;i<o.length;i++)o[i].style.display=\"none\";for(i=0;i<a.length;i++)s=a[i],e.source===s.contentWindow&&(s.removeAttribute(\"style\"),\"height\"===t.message?(1e3<(r=parseInt(t.value,10))?r=1e3:~~r<200&&(r=200),s.height=r):\"link\"===t.message&&(r=new URL(s.getAttribute(\"src\")),n=new URL(t.value),c.test(n.protocol))&&n.host===r.host&&l.activeElement===s&&(d.top.location.href=t.value))}},d.addEventListener(\"message\",d.wp.receiveEmbedMessage,!1),l.addEventListener(\"DOMContentLoaded\",function(){for(var e,t,s=l.querySelectorAll(\"iframe.wp-embedded-content\"),r=0;r<s.length;r++)(t=(e=s[r]).getAttribute(\"data-secret\"))||(t=Math.random().toString(36).substring(2,12),e.src+=\"#?secret=\"+t,e.setAttribute(\"data-secret\",t)),e.contentWindow.postMessage({message:\"ready\",secret:t},\"*\")},!1)))}(window,document);\n\/* ]]> *\/\n<\/script>\n","thumbnail_url":"https:\/\/sandzakpress.net\/arhiva\/wp-content\/uploads\/2010\/02\/Dzamija-Sjenica1.jpg","thumbnail_width":492,"thumbnail_height":337,"description":"Sjenica &#8211; Uvidjev\u0161i probleme u vezi s nazivom ulica u Sjenici, gdje je ve\u0107i deo grada na adresi Nova b.b, samo jedna ulica nosi \u017eensko ime i evidentne su brojne druge nelogi\u010dnosti, mladi aktivisti sjeni\u010dke NVO \u201eFlores\u201c inicirali su i organizovali javnu debatu o toj temi. Skup koji je okupio predstavnike vlasti, razli\u010ditih politi\u010dkih stranaka [&hellip;]"}