{"version":"1.0","provider_name":"Sand\u017eak PRESS","provider_url":"https:\/\/sandzakpress.net\/arhiva","author_name":"bosniak","author_url":"https:\/\/sandzakpress.net\/arhiva\/author\/bosniak\/","title":"Te\u0161ko povrije\u0111en desetogodi\u0161njak u Sjenici","type":"rich","width":600,"height":338,"html":"<blockquote class=\"wp-embedded-content\" data-secret=\"TrO6Hx3Pq8\"><a href=\"https:\/\/sandzakpress.net\/arhiva\/tesko-povrijeden-desetogodisnjak-u-sjenici\/\">Te\u0161ko povrije\u0111en desetogodi\u0161njak u Sjenici<\/a><\/blockquote><iframe sandbox=\"allow-scripts\" security=\"restricted\" src=\"https:\/\/sandzakpress.net\/arhiva\/tesko-povrijeden-desetogodisnjak-u-sjenici\/embed\/#?secret=TrO6Hx3Pq8\" width=\"600\" height=\"338\" title=\"&#8220;Te\u0161ko povrije\u0111en desetogodi\u0161njak u Sjenici&#8221; &#8212; Sand\u017eak PRESS\" data-secret=\"TrO6Hx3Pq8\" frameborder=\"0\" marginwidth=\"0\" marginheight=\"0\" scrolling=\"no\" class=\"wp-embedded-content\"><\/iframe><script type=\"text\/javascript\">\n\/* <![CDATA[ *\/\n\/*! This file is auto-generated *\/\n!function(d,l){\"use strict\";l.querySelector&&d.addEventListener&&\"undefined\"!=typeof URL&&(d.wp=d.wp||{},d.wp.receiveEmbedMessage||(d.wp.receiveEmbedMessage=function(e){var t=e.data;if((t||t.secret||t.message||t.value)&&!\/[^a-zA-Z0-9]\/.test(t.secret)){for(var s,r,n,a=l.querySelectorAll('iframe[data-secret=\"'+t.secret+'\"]'),o=l.querySelectorAll('blockquote[data-secret=\"'+t.secret+'\"]'),c=new RegExp(\"^https?:$\",\"i\"),i=0;i<o.length;i++)o[i].style.display=\"none\";for(i=0;i<a.length;i++)s=a[i],e.source===s.contentWindow&&(s.removeAttribute(\"style\"),\"height\"===t.message?(1e3<(r=parseInt(t.value,10))?r=1e3:~~r<200&&(r=200),s.height=r):\"link\"===t.message&&(r=new URL(s.getAttribute(\"src\")),n=new URL(t.value),c.test(n.protocol))&&n.host===r.host&&l.activeElement===s&&(d.top.location.href=t.value))}},d.addEventListener(\"message\",d.wp.receiveEmbedMessage,!1),l.addEventListener(\"DOMContentLoaded\",function(){for(var e,t,s=l.querySelectorAll(\"iframe.wp-embedded-content\"),r=0;r<s.length;r++)(t=(e=s[r]).getAttribute(\"data-secret\"))||(t=Math.random().toString(36).substring(2,12),e.src+=\"#?secret=\"+t,e.setAttribute(\"data-secret\",t)),e.contentWindow.postMessage({message:\"ready\",secret:t},\"*\")},!1)))}(window,document);\n\/* ]]> *\/\n<\/script>\n","thumbnail_url":"https:\/\/sandzakpress.net\/arhiva\/wp-content\/uploads\/2010\/12\/pretuceni-1.jpg","thumbnail_width":400,"thumbnail_height":330,"description":"Sjenica &#8211; Desetogodi\u0161nji B.N. iz Sjenice te\u0161ko je povrije\u0111en u centru ove op\u0161tine jer mu je na glavu pao komad fasade sa jedne stambene zgrade, pored koje je prolazio sa majkom. Besim D\u017eigal, pedijatar sjeni\u010dkog Doma zdravlja ka\u017ee da je dje\u010dak zadobio te\u0161ke povrede glave, kao i povredu lobanje. \u201cDje\u010dak je u te\u0161kom stanju upu\u0107en [&hellip;]"}