{"version":"1.0","provider_name":"Sand\u017eak PRESS","provider_url":"https:\/\/sandzakpress.net\/arhiva","author_name":"Agencija","author_url":"https:\/\/sandzakpress.net\/arhiva\/author\/agencija\/","title":"Sve\u010dano otvorena prva faza nadogradnje zgrade Islamskih ustanova","type":"rich","width":600,"height":338,"html":"<blockquote class=\"wp-embedded-content\" data-secret=\"NM7SzR9Z16\"><a href=\"https:\/\/sandzakpress.net\/arhiva\/svecano-otvorena-prva-faza-nadogradnja-zgrade-islasmkih-ustanova\/\">Sve\u010dano otvorena prva faza nadogradnje zgrade Islamskih ustanova<\/a><\/blockquote><iframe sandbox=\"allow-scripts\" security=\"restricted\" src=\"https:\/\/sandzakpress.net\/arhiva\/svecano-otvorena-prva-faza-nadogradnja-zgrade-islasmkih-ustanova\/embed\/#?secret=NM7SzR9Z16\" width=\"600\" height=\"338\" title=\"&#8220;Sve\u010dano otvorena prva faza nadogradnje zgrade Islamskih ustanova&#8221; &#8212; Sand\u017eak PRESS\" data-secret=\"NM7SzR9Z16\" frameborder=\"0\" marginwidth=\"0\" marginheight=\"0\" scrolling=\"no\" class=\"wp-embedded-content\"><\/iframe><script type=\"text\/javascript\">\n\/* <![CDATA[ *\/\n\/*! This file is auto-generated *\/\n!function(d,l){\"use strict\";l.querySelector&&d.addEventListener&&\"undefined\"!=typeof URL&&(d.wp=d.wp||{},d.wp.receiveEmbedMessage||(d.wp.receiveEmbedMessage=function(e){var t=e.data;if((t||t.secret||t.message||t.value)&&!\/[^a-zA-Z0-9]\/.test(t.secret)){for(var s,r,n,a=l.querySelectorAll('iframe[data-secret=\"'+t.secret+'\"]'),o=l.querySelectorAll('blockquote[data-secret=\"'+t.secret+'\"]'),c=new RegExp(\"^https?:$\",\"i\"),i=0;i<o.length;i++)o[i].style.display=\"none\";for(i=0;i<a.length;i++)s=a[i],e.source===s.contentWindow&&(s.removeAttribute(\"style\"),\"height\"===t.message?(1e3<(r=parseInt(t.value,10))?r=1e3:~~r<200&&(r=200),s.height=r):\"link\"===t.message&&(r=new URL(s.getAttribute(\"src\")),n=new URL(t.value),c.test(n.protocol))&&n.host===r.host&&l.activeElement===s&&(d.top.location.href=t.value))}},d.addEventListener(\"message\",d.wp.receiveEmbedMessage,!1),l.addEventListener(\"DOMContentLoaded\",function(){for(var e,t,s=l.querySelectorAll(\"iframe.wp-embedded-content\"),r=0;r<s.length;r++)(t=(e=s[r]).getAttribute(\"data-secret\"))||(t=Math.random().toString(36).substring(2,12),e.src+=\"#?secret=\"+t,e.setAttribute(\"data-secret\",t)),e.contentWindow.postMessage({message:\"ready\",secret:t},\"*\")},!1)))}(window,document);\n\/* ]]> *\/\n<\/script>\n","thumbnail_url":"https:\/\/sandzakpress.net\/arhiva\/wp-content\/uploads\/2017\/03\/DSC_5826.jpg","thumbnail_width":4288,"thumbnail_height":2848,"description":"Fakultet za islamske studije koji se nakon 15 godina mo\u017ee pohvaliti da je jedini ovakve vrste na ovom podru\u010dju, koji je osigurao svoj kadar za izvo\u0111enje nastave sve\u010dano otvorio nadogra\u0111eni dio uz prisustvo brojnih gostiju, me\u0111u kojima Delegacija Rijaseta IZ u BiH na \u010delu s reis-ul-ulemom Huseinom ef. Kavazovi\u0107em. Nakon beskrupulozne kampanje koja je trebala [&hellip;]"}