{"version":"1.0","provider_name":"Sand\u017eak PRESS","provider_url":"https:\/\/sandzakpress.net\/arhiva","author_name":"bosniak","author_url":"https:\/\/sandzakpress.net\/arhiva\/author\/bosniak\/","title":"Su\u0111enje za zlo\u010dine u Srebrenici 26. oktobra","type":"rich","width":600,"height":338,"html":"<blockquote class=\"wp-embedded-content\" data-secret=\"MwRoPrn7KB\"><a href=\"https:\/\/sandzakpress.net\/arhiva\/sudenje-za-zlocine-u-srebrenici-26-oktobra\/\">Su\u0111enje za zlo\u010dine u Srebrenici 26. oktobra<\/a><\/blockquote><iframe sandbox=\"allow-scripts\" security=\"restricted\" src=\"https:\/\/sandzakpress.net\/arhiva\/sudenje-za-zlocine-u-srebrenici-26-oktobra\/embed\/#?secret=MwRoPrn7KB\" width=\"600\" height=\"338\" title=\"&#8220;Su\u0111enje za zlo\u010dine u Srebrenici 26. oktobra&#8221; &#8212; Sand\u017eak PRESS\" data-secret=\"MwRoPrn7KB\" frameborder=\"0\" marginwidth=\"0\" marginheight=\"0\" scrolling=\"no\" class=\"wp-embedded-content\"><\/iframe><script type=\"text\/javascript\">\n\/* <![CDATA[ *\/\n\/*! This file is auto-generated *\/\n!function(d,l){\"use strict\";l.querySelector&&d.addEventListener&&\"undefined\"!=typeof URL&&(d.wp=d.wp||{},d.wp.receiveEmbedMessage||(d.wp.receiveEmbedMessage=function(e){var t=e.data;if((t||t.secret||t.message||t.value)&&!\/[^a-zA-Z0-9]\/.test(t.secret)){for(var s,r,n,a=l.querySelectorAll('iframe[data-secret=\"'+t.secret+'\"]'),o=l.querySelectorAll('blockquote[data-secret=\"'+t.secret+'\"]'),c=new RegExp(\"^https?:$\",\"i\"),i=0;i<o.length;i++)o[i].style.display=\"none\";for(i=0;i<a.length;i++)s=a[i],e.source===s.contentWindow&&(s.removeAttribute(\"style\"),\"height\"===t.message?(1e3<(r=parseInt(t.value,10))?r=1e3:~~r<200&&(r=200),s.height=r):\"link\"===t.message&&(r=new URL(s.getAttribute(\"src\")),n=new URL(t.value),c.test(n.protocol))&&n.host===r.host&&l.activeElement===s&&(d.top.location.href=t.value))}},d.addEventListener(\"message\",d.wp.receiveEmbedMessage,!1),l.addEventListener(\"DOMContentLoaded\",function(){for(var e,t,s=l.querySelectorAll(\"iframe.wp-embedded-content\"),r=0;r<s.length;r++)(t=(e=s[r]).getAttribute(\"data-secret\"))||(t=Math.random().toString(36).substring(2,12),e.src+=\"#?secret=\"+t,e.setAttribute(\"data-secret\",t)),e.contentWindow.postMessage({message:\"ready\",secret:t},\"*\")},!1)))}(window,document);\n\/* ]]> *\/\n<\/script>\n","thumbnail_url":"https:\/\/sandzakpress.net\/arhiva\/wp-content\/uploads\/2016\/09\/beograd_sud_ratni_zlocini_main_0.jpg","thumbnail_width":900,"thumbnail_height":600,"description":"Odjeljenje za ratne zlo\u010dine Vi\u0161eg suda u Beogradu zakazalo je za 26. oktobar po\u010detak su\u0111enja u procesu \u201cSrebrenica\u201d, koji se vodi protiv osam biv\u0161ih pripadnika Specijalne brigade Ministarstva unutra\u0161njih poslova Republike Srpske zbog optu\u017ebi za zlo\u010dine nad civilima, po\u0161to je danas zavr\u0161eno pripremno ro\u010di\u0161te. Su\u0111enje je zakazano i za 27. oktobar, rekla je za Tanjug [&hellip;]"}