{"version":"1.0","provider_name":"Sand\u017eak PRESS","provider_url":"https:\/\/sandzakpress.net\/arhiva","author_name":"Agencija","author_url":"https:\/\/sandzakpress.net\/arhiva\/author\/agencija\/","title":"SDP-ovi mediji: Propao Imamovi\u0107ev protestni skup!","type":"rich","width":600,"height":338,"html":"<blockquote class=\"wp-embedded-content\" data-secret=\"ZcTpF1Um85\"><a href=\"https:\/\/sandzakpress.net\/arhiva\/sdp-ovi-mediji-propao-imamovicev-protestni-skup\/\">SDP-ovi mediji: Propao Imamovi\u0107ev protestni skup!<\/a><\/blockquote><iframe sandbox=\"allow-scripts\" security=\"restricted\" src=\"https:\/\/sandzakpress.net\/arhiva\/sdp-ovi-mediji-propao-imamovicev-protestni-skup\/embed\/#?secret=ZcTpF1Um85\" width=\"600\" height=\"338\" title=\"&#8220;SDP-ovi mediji: Propao Imamovi\u0107ev protestni skup!&#8221; &#8212; Sand\u017eak PRESS\" data-secret=\"ZcTpF1Um85\" frameborder=\"0\" marginwidth=\"0\" marginheight=\"0\" scrolling=\"no\" class=\"wp-embedded-content\"><\/iframe><script type=\"text\/javascript\">\n\/* <![CDATA[ *\/\n\/*! This file is auto-generated *\/\n!function(d,l){\"use strict\";l.querySelector&&d.addEventListener&&\"undefined\"!=typeof URL&&(d.wp=d.wp||{},d.wp.receiveEmbedMessage||(d.wp.receiveEmbedMessage=function(e){var t=e.data;if((t||t.secret||t.message||t.value)&&!\/[^a-zA-Z0-9]\/.test(t.secret)){for(var s,r,n,a=l.querySelectorAll('iframe[data-secret=\"'+t.secret+'\"]'),o=l.querySelectorAll('blockquote[data-secret=\"'+t.secret+'\"]'),c=new RegExp(\"^https?:$\",\"i\"),i=0;i<o.length;i++)o[i].style.display=\"none\";for(i=0;i<a.length;i++)s=a[i],e.source===s.contentWindow&&(s.removeAttribute(\"style\"),\"height\"===t.message?(1e3<(r=parseInt(t.value,10))?r=1e3:~~r<200&&(r=200),s.height=r):\"link\"===t.message&&(r=new URL(s.getAttribute(\"src\")),n=new URL(t.value),c.test(n.protocol))&&n.host===r.host&&l.activeElement===s&&(d.top.location.href=t.value))}},d.addEventListener(\"message\",d.wp.receiveEmbedMessage,!1),l.addEventListener(\"DOMContentLoaded\",function(){for(var e,t,s=l.querySelectorAll(\"iframe.wp-embedded-content\"),r=0;r<s.length;r++)(t=(e=s[r]).getAttribute(\"data-secret\"))||(t=Math.random().toString(36).substring(2,12),e.src+=\"#?secret=\"+t,e.setAttribute(\"data-secret\",t)),e.contentWindow.postMessage({message:\"ready\",secret:t},\"*\")},!1)))}(window,document);\n\/* ]]> *\/\n<\/script>\n","thumbnail_url":"https:\/\/sandzakpress.net\/arhiva\/wp-content\/uploads\/2017\/04\/wp-1491325403827.jpg","thumbnail_width":1280,"thumbnail_height":854,"description":"&nbsp; Novi Pazar &#8211; Nekoliko desetina gra\u0111ana Novog Pazara, uglavnom studenata, okupilo se ve\u010deras na prvom \u201cProtestnom skupu protiv diktature\u201d koji je organizovan preko dru\u0161tvenih mre\u017ea, pi\u0161e radiostoplus.com. Okupljeni su nosili parole \u201cStudiramo, ne kupujemo diplome\u201d, \u201cOvo je grad mantija i \u0107evapa, a ne sendvi\u010da\u201d, \u201cPokrali ste sve u \u0161es'\u201d, \u201cSamo jako\u201d, \u201cBez straha\u201d i [&hellip;]"}