{"version":"1.0","provider_name":"Sand\u017eak PRESS","provider_url":"https:\/\/sandzakpress.net\/arhiva","author_name":"bosniak","author_url":"https:\/\/sandzakpress.net\/arhiva\/author\/bosniak\/","title":"Sastanak NATO-a na zahtjev Turske","type":"rich","width":600,"height":338,"html":"<blockquote class=\"wp-embedded-content\" data-secret=\"2OZdNbrOJJ\"><a href=\"https:\/\/sandzakpress.net\/arhiva\/sastanak-nato-a-na-zahtjev-turske\/\">Sastanak NATO-a na zahtjev Turske<\/a><\/blockquote><iframe sandbox=\"allow-scripts\" security=\"restricted\" src=\"https:\/\/sandzakpress.net\/arhiva\/sastanak-nato-a-na-zahtjev-turske\/embed\/#?secret=2OZdNbrOJJ\" width=\"600\" height=\"338\" title=\"&#8220;Sastanak NATO-a na zahtjev Turske&#8221; &#8212; Sand\u017eak PRESS\" data-secret=\"2OZdNbrOJJ\" frameborder=\"0\" marginwidth=\"0\" marginheight=\"0\" scrolling=\"no\" class=\"wp-embedded-content\"><\/iframe><script type=\"text\/javascript\">\n\/* <![CDATA[ *\/\n\/*! This file is auto-generated *\/\n!function(d,l){\"use strict\";l.querySelector&&d.addEventListener&&\"undefined\"!=typeof URL&&(d.wp=d.wp||{},d.wp.receiveEmbedMessage||(d.wp.receiveEmbedMessage=function(e){var t=e.data;if((t||t.secret||t.message||t.value)&&!\/[^a-zA-Z0-9]\/.test(t.secret)){for(var s,r,n,a=l.querySelectorAll('iframe[data-secret=\"'+t.secret+'\"]'),o=l.querySelectorAll('blockquote[data-secret=\"'+t.secret+'\"]'),c=new RegExp(\"^https?:$\",\"i\"),i=0;i<o.length;i++)o[i].style.display=\"none\";for(i=0;i<a.length;i++)s=a[i],e.source===s.contentWindow&&(s.removeAttribute(\"style\"),\"height\"===t.message?(1e3<(r=parseInt(t.value,10))?r=1e3:~~r<200&&(r=200),s.height=r):\"link\"===t.message&&(r=new URL(s.getAttribute(\"src\")),n=new URL(t.value),c.test(n.protocol))&&n.host===r.host&&l.activeElement===s&&(d.top.location.href=t.value))}},d.addEventListener(\"message\",d.wp.receiveEmbedMessage,!1),l.addEventListener(\"DOMContentLoaded\",function(){for(var e,t,s=l.querySelectorAll(\"iframe.wp-embedded-content\"),r=0;r<s.length;r++)(t=(e=s[r]).getAttribute(\"data-secret\"))||(t=Math.random().toString(36).substring(2,12),e.src+=\"#?secret=\"+t,e.setAttribute(\"data-secret\",t)),e.contentWindow.postMessage({message:\"ready\",secret:t},\"*\")},!1)))}(window,document);\n\/* ]]> *\/\n<\/script>\n","thumbnail_url":"https:\/\/sandzakpress.net\/arhiva\/wp-content\/uploads\/2015\/07\/turska_vojska_epa_main.jpg","thumbnail_width":900,"thumbnail_height":600,"description":"Turska \u2013 Nakon \u0161to je Turska, zbog situacije u Siriji, zatra\u017eila vanredni sastanak NATO-a, u Bruxellesu je po\u010deo sastanak veleposlanika Alijanse. Turska je tra\u017eila sastanak pozivaju\u0107i se na poglavlje Atlantske povelje koje se aktivira kada neka od \u010dlanica prijavi da je ugro\u017eena. Ankara se na taj potez odlu\u010dila nakon \u0161to je tursko zrakoplovstvo po\u010delo zra\u010dne [&hellip;]"}