{"version":"1.0","provider_name":"Sand\u017eak PRESS","provider_url":"https:\/\/sandzakpress.net\/arhiva","author_name":"Sand\u017eak PRESS","author_url":"https:\/\/sandzakpress.net\/arhiva","title":"Sand\u017ea\u010dka biznis asocijacija (SABA) po\u010dela sa radom","type":"rich","width":600,"height":338,"html":"<blockquote class=\"wp-embedded-content\" data-secret=\"cTYud225dn\"><a href=\"https:\/\/sandzakpress.net\/arhiva\/sandzacka-biznis-asocijacija-saba-pocela-sa-radom\/\">Sand\u017ea\u010dka biznis asocijacija (SABA) po\u010dela sa radom<\/a><\/blockquote><iframe sandbox=\"allow-scripts\" security=\"restricted\" src=\"https:\/\/sandzakpress.net\/arhiva\/sandzacka-biznis-asocijacija-saba-pocela-sa-radom\/embed\/#?secret=cTYud225dn\" width=\"600\" height=\"338\" title=\"&#8220;Sand\u017ea\u010dka biznis asocijacija (SABA) po\u010dela sa radom&#8221; &#8212; Sand\u017eak PRESS\" data-secret=\"cTYud225dn\" frameborder=\"0\" marginwidth=\"0\" marginheight=\"0\" scrolling=\"no\" class=\"wp-embedded-content\"><\/iframe><script type=\"text\/javascript\">\n\/* <![CDATA[ *\/\n\/*! This file is auto-generated *\/\n!function(d,l){\"use strict\";l.querySelector&&d.addEventListener&&\"undefined\"!=typeof URL&&(d.wp=d.wp||{},d.wp.receiveEmbedMessage||(d.wp.receiveEmbedMessage=function(e){var t=e.data;if((t||t.secret||t.message||t.value)&&!\/[^a-zA-Z0-9]\/.test(t.secret)){for(var s,r,n,a=l.querySelectorAll('iframe[data-secret=\"'+t.secret+'\"]'),o=l.querySelectorAll('blockquote[data-secret=\"'+t.secret+'\"]'),c=new RegExp(\"^https?:$\",\"i\"),i=0;i<o.length;i++)o[i].style.display=\"none\";for(i=0;i<a.length;i++)s=a[i],e.source===s.contentWindow&&(s.removeAttribute(\"style\"),\"height\"===t.message?(1e3<(r=parseInt(t.value,10))?r=1e3:~~r<200&&(r=200),s.height=r):\"link\"===t.message&&(r=new URL(s.getAttribute(\"src\")),n=new URL(t.value),c.test(n.protocol))&&n.host===r.host&&l.activeElement===s&&(d.top.location.href=t.value))}},d.addEventListener(\"message\",d.wp.receiveEmbedMessage,!1),l.addEventListener(\"DOMContentLoaded\",function(){for(var e,t,s=l.querySelectorAll(\"iframe.wp-embedded-content\"),r=0;r<s.length;r++)(t=(e=s[r]).getAttribute(\"data-secret\"))||(t=Math.random().toString(36).substring(2,12),e.src+=\"#?secret=\"+t,e.setAttribute(\"data-secret\",t)),e.contentWindow.postMessage({message:\"ready\",secret:t},\"*\")},!1)))}(window,document);\n\/* ]]> *\/\n<\/script>\n","thumbnail_url":"https:\/\/sandzakpress.net\/arhiva\/wp-content\/uploads\/2012\/02\/Direktor_Hako_Duljevic1-1.jpg","thumbnail_width":616,"thumbnail_height":316,"description":"Sand\u017eak &#8211; Sand\u017ea\u010dka biznis asocijacija (SABA) je sve\u010dano otvorena 11.02.2012.god., dok \u00a0je\u00a0 sa radom po\u010dela\u00a013.02.2012.god. Oni navode da je regija Sand\u017eak,\u00a0 jedna je od ekonomski najnerazvijenih regija na prostoru Zapadnog Balkana, \u00a0iako posjeduje dovoljne komparativne prednosti i privredne potencijale. U dopisu koji nam je stigao od iste organizacije stoji da je: \u201eSand\u017ea\u010dka biznis asocijacija\u201d (SABA) [&hellip;]"}