{"version":"1.0","provider_name":"Sand\u017eak PRESS","provider_url":"https:\/\/sandzakpress.net\/arhiva","author_name":"bosniak","author_url":"https:\/\/sandzakpress.net\/arhiva\/author\/bosniak\/","title":"Rifat Li\u010dina - godinu dana kasnije","type":"rich","width":600,"height":338,"html":"<blockquote class=\"wp-embedded-content\" data-secret=\"7GpQTtckmw\"><a href=\"https:\/\/sandzakpress.net\/arhiva\/rifat-licina-godinu-dana-kasnije\/\">Rifat Li\u010dina &#8211; godinu dana kasnije<\/a><\/blockquote><iframe sandbox=\"allow-scripts\" security=\"restricted\" src=\"https:\/\/sandzakpress.net\/arhiva\/rifat-licina-godinu-dana-kasnije\/embed\/#?secret=7GpQTtckmw\" width=\"600\" height=\"338\" title=\"&#8220;Rifat Li\u010dina &#8211; godinu dana kasnije&#8221; &#8212; Sand\u017eak PRESS\" data-secret=\"7GpQTtckmw\" frameborder=\"0\" marginwidth=\"0\" marginheight=\"0\" scrolling=\"no\" class=\"wp-embedded-content\"><\/iframe><script type=\"text\/javascript\">\n\/* <![CDATA[ *\/\n\/*! This file is auto-generated *\/\n!function(d,l){\"use strict\";l.querySelector&&d.addEventListener&&\"undefined\"!=typeof URL&&(d.wp=d.wp||{},d.wp.receiveEmbedMessage||(d.wp.receiveEmbedMessage=function(e){var t=e.data;if((t||t.secret||t.message||t.value)&&!\/[^a-zA-Z0-9]\/.test(t.secret)){for(var s,r,n,a=l.querySelectorAll('iframe[data-secret=\"'+t.secret+'\"]'),o=l.querySelectorAll('blockquote[data-secret=\"'+t.secret+'\"]'),c=new RegExp(\"^https?:$\",\"i\"),i=0;i<o.length;i++)o[i].style.display=\"none\";for(i=0;i<a.length;i++)s=a[i],e.source===s.contentWindow&&(s.removeAttribute(\"style\"),\"height\"===t.message?(1e3<(r=parseInt(t.value,10))?r=1e3:~~r<200&&(r=200),s.height=r):\"link\"===t.message&&(r=new URL(s.getAttribute(\"src\")),n=new URL(t.value),c.test(n.protocol))&&n.host===r.host&&l.activeElement===s&&(d.top.location.href=t.value))}},d.addEventListener(\"message\",d.wp.receiveEmbedMessage,!1),l.addEventListener(\"DOMContentLoaded\",function(){for(var e,t,s=l.querySelectorAll(\"iframe.wp-embedded-content\"),r=0;r<s.length;r++)(t=(e=s[r]).getAttribute(\"data-secret\"))||(t=Math.random().toString(36).substring(2,12),e.src+=\"#?secret=\"+t,e.setAttribute(\"data-secret\",t)),e.contentWindow.postMessage({message:\"ready\",secret:t},\"*\")},!1)))}(window,document);\n\/* ]]> *\/\n<\/script>\n","thumbnail_url":"https:\/\/sandzakpress.net\/arhiva\/wp-content\/uploads\/2014\/09\/rifat_liccina.jpg","thumbnail_width":292,"thumbnail_height":209,"description":"Novi Pazar &#8211; Tvrdnja \u010dlana Gradskog ve\u0107a zadu\u017eenog za obrazovanje Rifata Li\u010dine da \u0107e dvije novoizgra\u0111ene osnovne \u0161kole u Novom Pazaru spremno do\u010dekati novu \u0161kolsku godinu obistinila se, ali uz godinu dana zaka\u0161njenja. On je tokom 2013. godine vi\u0161e puta tvrdio da \u0107e dve osnovne \u0161kole \u201csigurno\u201d proraditi po\u010detkom septembra\u2026, kada je po\u010dela \u0161kolska godina [&hellip;]"}