{"version":"1.0","provider_name":"Sand\u017eak PRESS","provider_url":"https:\/\/sandzakpress.net\/arhiva","author_name":"bosniak","author_url":"https:\/\/sandzakpress.net\/arhiva\/author\/bosniak\/","title":"Radon\u010di\u0107: Koalicija \u2018da\u2019, Bakirovi ultimatumi \u2018ne\u2019","type":"rich","width":600,"height":338,"html":"<blockquote class=\"wp-embedded-content\" data-secret=\"WN5YoucEQE\"><a href=\"https:\/\/sandzakpress.net\/arhiva\/radoncic-koalicija-da-bakirovi-ultimatumi-ne\/\">Radon\u010di\u0107: Koalicija \u2018da\u2019, Bakirovi ultimatumi \u2018ne\u2019<\/a><\/blockquote><iframe sandbox=\"allow-scripts\" security=\"restricted\" src=\"https:\/\/sandzakpress.net\/arhiva\/radoncic-koalicija-da-bakirovi-ultimatumi-ne\/embed\/#?secret=WN5YoucEQE\" width=\"600\" height=\"338\" title=\"&#8220;Radon\u010di\u0107: Koalicija \u2018da\u2019, Bakirovi ultimatumi \u2018ne\u2019&#8221; &#8212; Sand\u017eak PRESS\" data-secret=\"WN5YoucEQE\" frameborder=\"0\" marginwidth=\"0\" marginheight=\"0\" scrolling=\"no\" class=\"wp-embedded-content\"><\/iframe><script type=\"text\/javascript\">\n\/* <![CDATA[ *\/\n\/*! This file is auto-generated *\/\n!function(d,l){\"use strict\";l.querySelector&&d.addEventListener&&\"undefined\"!=typeof URL&&(d.wp=d.wp||{},d.wp.receiveEmbedMessage||(d.wp.receiveEmbedMessage=function(e){var t=e.data;if((t||t.secret||t.message||t.value)&&!\/[^a-zA-Z0-9]\/.test(t.secret)){for(var s,r,n,a=l.querySelectorAll('iframe[data-secret=\"'+t.secret+'\"]'),o=l.querySelectorAll('blockquote[data-secret=\"'+t.secret+'\"]'),c=new RegExp(\"^https?:$\",\"i\"),i=0;i<o.length;i++)o[i].style.display=\"none\";for(i=0;i<a.length;i++)s=a[i],e.source===s.contentWindow&&(s.removeAttribute(\"style\"),\"height\"===t.message?(1e3<(r=parseInt(t.value,10))?r=1e3:~~r<200&&(r=200),s.height=r):\"link\"===t.message&&(r=new URL(s.getAttribute(\"src\")),n=new URL(t.value),c.test(n.protocol))&&n.host===r.host&&l.activeElement===s&&(d.top.location.href=t.value))}},d.addEventListener(\"message\",d.wp.receiveEmbedMessage,!1),l.addEventListener(\"DOMContentLoaded\",function(){for(var e,t,s=l.querySelectorAll(\"iframe.wp-embedded-content\"),r=0;r<s.length;r++)(t=(e=s[r]).getAttribute(\"data-secret\"))||(t=Math.random().toString(36).substring(2,12),e.src+=\"#?secret=\"+t,e.setAttribute(\"data-secret\",t)),e.contentWindow.postMessage({message:\"ready\",secret:t},\"*\")},!1)))}(window,document);\n\/* ]]> *\/\n<\/script>\n","thumbnail_url":"https:\/\/sandzakpress.net\/arhiva\/wp-content\/uploads\/2016\/12\/radoncic-izetbegovic-616x383-1.jpg","thumbnail_width":616,"thumbnail_height":383,"description":"Sarajevo \u2013 Koalicija \u2018da\u2019, ultimatumi \u2018ne\u2019. Ako postoji neka bolja opcija za koaliciju umjesto SBB-a, iako je mi ne vidimo, nemamo ni\u0161ta protiv da Bakir Izetbegovi\u0107 povu\u010de prvi takav potez, kazao je Fahrudin Radon\u010di\u0107. Lider Saveza za bolju budu\u0107nost BiH odr\u017eao je novogodi\u0161nju pres konferenciju na kojoj je sumirao proteklu godinu, te odgovorio na pitanja [&hellip;]"}