{"version":"1.0","provider_name":"Sand\u017eak PRESS","provider_url":"https:\/\/sandzakpress.net\/arhiva","author_name":"SM","author_url":"https:\/\/sandzakpress.net\/arhiva\/author\/sandzakmedia\/","title":"Pogledajte trenutak izricanja presude Radovanu Karad\u017ei\u0107u (Video)","type":"rich","width":600,"height":338,"html":"<blockquote class=\"wp-embedded-content\" data-secret=\"Ltu8VtYmHo\"><a href=\"https:\/\/sandzakpress.net\/arhiva\/pogledajte-trenutak-izricanja-presude-radovanu-karadzicu-video\/\">Pogledajte trenutak izricanja presude Radovanu Karad\u017ei\u0107u (Video)<\/a><\/blockquote><iframe sandbox=\"allow-scripts\" security=\"restricted\" src=\"https:\/\/sandzakpress.net\/arhiva\/pogledajte-trenutak-izricanja-presude-radovanu-karadzicu-video\/embed\/#?secret=Ltu8VtYmHo\" width=\"600\" height=\"338\" title=\"&#8220;Pogledajte trenutak izricanja presude Radovanu Karad\u017ei\u0107u (Video)&#8221; &#8212; Sand\u017eak PRESS\" data-secret=\"Ltu8VtYmHo\" frameborder=\"0\" marginwidth=\"0\" marginheight=\"0\" scrolling=\"no\" class=\"wp-embedded-content\"><\/iframe><script type=\"text\/javascript\">\n\/* <![CDATA[ *\/\n\/*! This file is auto-generated *\/\n!function(d,l){\"use strict\";l.querySelector&&d.addEventListener&&\"undefined\"!=typeof URL&&(d.wp=d.wp||{},d.wp.receiveEmbedMessage||(d.wp.receiveEmbedMessage=function(e){var t=e.data;if((t||t.secret||t.message||t.value)&&!\/[^a-zA-Z0-9]\/.test(t.secret)){for(var s,r,n,a=l.querySelectorAll('iframe[data-secret=\"'+t.secret+'\"]'),o=l.querySelectorAll('blockquote[data-secret=\"'+t.secret+'\"]'),c=new RegExp(\"^https?:$\",\"i\"),i=0;i<o.length;i++)o[i].style.display=\"none\";for(i=0;i<a.length;i++)s=a[i],e.source===s.contentWindow&&(s.removeAttribute(\"style\"),\"height\"===t.message?(1e3<(r=parseInt(t.value,10))?r=1e3:~~r<200&&(r=200),s.height=r):\"link\"===t.message&&(r=new URL(s.getAttribute(\"src\")),n=new URL(t.value),c.test(n.protocol))&&n.host===r.host&&l.activeElement===s&&(d.top.location.href=t.value))}},d.addEventListener(\"message\",d.wp.receiveEmbedMessage,!1),l.addEventListener(\"DOMContentLoaded\",function(){for(var e,t,s=l.querySelectorAll(\"iframe.wp-embedded-content\"),r=0;r<s.length;r++)(t=(e=s[r]).getAttribute(\"data-secret\"))||(t=Math.random().toString(36).substring(2,12),e.src+=\"#?secret=\"+t,e.setAttribute(\"data-secret\",t)),e.contentWindow.postMessage({message:\"ready\",secret:t},\"*\")},!1)))}(window,document);\n\/* ]]> *\/\n<\/script>\n","thumbnail_url":"https:\/\/sandzakpress.net\/arhiva\/wp-content\/uploads\/2016\/03\/160324037.5_xxl-1-616x411-1.jpg","thumbnail_width":616,"thumbnail_height":411,"description":"Bosna i Hercegovina, Holandija &#8211; Radovan Karad\u017ei\u0107 je danas pred Ha\u0161kim tribunalom osu\u0111en na kaznu od 40 godina zatvora. Pogledajte trenutak kada je sudija O-Gon Kwon izrekao presudu ratnom zlo\u010dincu. \u00a0 \u00a0 \u00a0 \u00a0 \u00a0 Nakon pet godina su\u0111enja Me\u0111unarodni krivi\u010dni sud za biv\u0161u Jugoslaviju (ICTY) danas je izrekao provostepenu presudu Karad\u017ei\u0107u, kojem je Tu\u017eila\u0161tvo [&hellip;]"}