{"version":"1.0","provider_name":"Sand\u017eak PRESS","provider_url":"https:\/\/sandzakpress.net\/arhiva","author_name":"bosniak","author_url":"https:\/\/sandzakpress.net\/arhiva\/author\/bosniak\/","title":"Podr\u0161ka Zukorli\u0107u nije bila kalkulantska","type":"rich","width":600,"height":338,"html":"<blockquote class=\"wp-embedded-content\" data-secret=\"9WcKVqn0UA\"><a href=\"https:\/\/sandzakpress.net\/arhiva\/podrska-zukorlicu-nije-bila-kalkulantska\/\">Podr\u0161ka Zukorli\u0107u nije bila kalkulantska<\/a><\/blockquote><iframe sandbox=\"allow-scripts\" security=\"restricted\" src=\"https:\/\/sandzakpress.net\/arhiva\/podrska-zukorlicu-nije-bila-kalkulantska\/embed\/#?secret=9WcKVqn0UA\" width=\"600\" height=\"338\" title=\"&#8220;Podr\u0161ka Zukorli\u0107u nije bila kalkulantska&#8221; &#8212; Sand\u017eak PRESS\" data-secret=\"9WcKVqn0UA\" frameborder=\"0\" marginwidth=\"0\" marginheight=\"0\" scrolling=\"no\" class=\"wp-embedded-content\"><\/iframe><script type=\"text\/javascript\">\n\/* <![CDATA[ *\/\n\/*! This file is auto-generated *\/\n!function(d,l){\"use strict\";l.querySelector&&d.addEventListener&&\"undefined\"!=typeof URL&&(d.wp=d.wp||{},d.wp.receiveEmbedMessage||(d.wp.receiveEmbedMessage=function(e){var t=e.data;if((t||t.secret||t.message||t.value)&&!\/[^a-zA-Z0-9]\/.test(t.secret)){for(var s,r,n,a=l.querySelectorAll('iframe[data-secret=\"'+t.secret+'\"]'),o=l.querySelectorAll('blockquote[data-secret=\"'+t.secret+'\"]'),c=new RegExp(\"^https?:$\",\"i\"),i=0;i<o.length;i++)o[i].style.display=\"none\";for(i=0;i<a.length;i++)s=a[i],e.source===s.contentWindow&&(s.removeAttribute(\"style\"),\"height\"===t.message?(1e3<(r=parseInt(t.value,10))?r=1e3:~~r<200&&(r=200),s.height=r):\"link\"===t.message&&(r=new URL(s.getAttribute(\"src\")),n=new URL(t.value),c.test(n.protocol))&&n.host===r.host&&l.activeElement===s&&(d.top.location.href=t.value))}},d.addEventListener(\"message\",d.wp.receiveEmbedMessage,!1),l.addEventListener(\"DOMContentLoaded\",function(){for(var e,t,s=l.querySelectorAll(\"iframe.wp-embedded-content\"),r=0;r<s.length;r++)(t=(e=s[r]).getAttribute(\"data-secret\"))||(t=Math.random().toString(36).substring(2,12),e.src+=\"#?secret=\"+t,e.setAttribute(\"data-secret\",t)),e.contentWindow.postMessage({message:\"ready\",secret:t},\"*\")},!1)))}(window,document);\n\/* ]]> *\/\n<\/script>\n","thumbnail_url":"https:\/\/sandzakpress.net\/arhiva\/wp-content\/uploads\/2011\/06\/bojanldp1111.jpg","thumbnail_width":527,"thumbnail_height":350,"description":"Zbog potrebe da za\u0161titimo mir, ljudska prava, da ka\u017eemo da pendrek nije re\u0161enje za pitanje siroma\u0161tva, proistekla je i podr\u0161ka ugro\u017eenom dijelu Bo\u0161njaka, otpor neprihvatljivoj \u010dinjenici da se ignorira to \u0161to Zukorli\u0107, najuticajniji bo\u0161nja\u010dki lider, jeste pobjednik na izborima za Nacionalni savjet. Na\u0161a podr\u0161ka nije bila kalkulantska.Zaista vjerujemo da smo u pravu kada se zala\u017eemo [&hellip;]"}