{"version":"1.0","provider_name":"Sand\u017eak PRESS","provider_url":"https:\/\/sandzakpress.net\/arhiva","author_name":"bosniak","author_url":"https:\/\/sandzakpress.net\/arhiva\/author\/bosniak\/","title":"Ove godine \u0107e biti zavr\u0161ena obilaznica","type":"rich","width":600,"height":338,"html":"<blockquote class=\"wp-embedded-content\" data-secret=\"t28Z97TJee\"><a href=\"https:\/\/sandzakpress.net\/arhiva\/ove-godine-ce-biti-zavrsena-obilaznica\/\">Ove godine \u0107e biti zavr\u0161ena obilaznica<\/a><\/blockquote><iframe sandbox=\"allow-scripts\" security=\"restricted\" src=\"https:\/\/sandzakpress.net\/arhiva\/ove-godine-ce-biti-zavrsena-obilaznica\/embed\/#?secret=t28Z97TJee\" width=\"600\" height=\"338\" title=\"&#8220;Ove godine \u0107e biti zavr\u0161ena obilaznica&#8221; &#8212; Sand\u017eak PRESS\" data-secret=\"t28Z97TJee\" frameborder=\"0\" marginwidth=\"0\" marginheight=\"0\" scrolling=\"no\" class=\"wp-embedded-content\"><\/iframe><script type=\"text\/javascript\">\n\/* <![CDATA[ *\/\n\/*! This file is auto-generated *\/\n!function(d,l){\"use strict\";l.querySelector&&d.addEventListener&&\"undefined\"!=typeof URL&&(d.wp=d.wp||{},d.wp.receiveEmbedMessage||(d.wp.receiveEmbedMessage=function(e){var t=e.data;if((t||t.secret||t.message||t.value)&&!\/[^a-zA-Z0-9]\/.test(t.secret)){for(var s,r,n,a=l.querySelectorAll('iframe[data-secret=\"'+t.secret+'\"]'),o=l.querySelectorAll('blockquote[data-secret=\"'+t.secret+'\"]'),c=new RegExp(\"^https?:$\",\"i\"),i=0;i<o.length;i++)o[i].style.display=\"none\";for(i=0;i<a.length;i++)s=a[i],e.source===s.contentWindow&&(s.removeAttribute(\"style\"),\"height\"===t.message?(1e3<(r=parseInt(t.value,10))?r=1e3:~~r<200&&(r=200),s.height=r):\"link\"===t.message&&(r=new URL(s.getAttribute(\"src\")),n=new URL(t.value),c.test(n.protocol))&&n.host===r.host&&l.activeElement===s&&(d.top.location.href=t.value))}},d.addEventListener(\"message\",d.wp.receiveEmbedMessage,!1),l.addEventListener(\"DOMContentLoaded\",function(){for(var e,t,s=l.querySelectorAll(\"iframe.wp-embedded-content\"),r=0;r<s.length;r++)(t=(e=s[r]).getAttribute(\"data-secret\"))||(t=Math.random().toString(36).substring(2,12),e.src+=\"#?secret=\"+t,e.setAttribute(\"data-secret\",t)),e.contentWindow.postMessage({message:\"ready\",secret:t},\"*\")},!1)))}(window,document);\n\/* ]]> *\/\n<\/script>\n","thumbnail_url":"https:\/\/sandzakpress.net\/arhiva\/wp-content\/uploads\/2010\/01\/B.Polje1panorama.jpg","thumbnail_width":500,"thumbnail_height":272,"description":"Bijelo Polje &#8211; &#8211; Gradona\u010delnik Bijelog Polja Tarzan Milo\u0161evi\u0107 je na sve\u010danoj sjednici povodom Dana op\u0161tine 3. januara rekao da \u0107e ove godine biti zavr\u0161ena zaobilaznica oko Bijelog Polja. On je, tako\u0111er, podsjetio da je u posljednjoj deceniji Bijelo Polje postalo grad sa pet fakulteta i skoro 1.000 studenata, da je rekonstruisan Centar za kulturu, [&hellip;]"}