{"version":"1.0","provider_name":"Sand\u017eak PRESS","provider_url":"https:\/\/sandzakpress.net\/arhiva","author_name":"bosniak","author_url":"https:\/\/sandzakpress.net\/arhiva\/author\/bosniak\/","title":"Nare\u0111eno izmje\u0161tanje 19 lokala zbog tranzita","type":"rich","width":600,"height":338,"html":"<blockquote class=\"wp-embedded-content\" data-secret=\"LGQWeRmGI4\"><a href=\"https:\/\/sandzakpress.net\/arhiva\/naredeno-izmjestanje-19-lokala-zbog-tranzita\/\">Nare\u0111eno izmje\u0161tanje 19 lokala zbog tranzita<\/a><\/blockquote><iframe sandbox=\"allow-scripts\" security=\"restricted\" src=\"https:\/\/sandzakpress.net\/arhiva\/naredeno-izmjestanje-19-lokala-zbog-tranzita\/embed\/#?secret=LGQWeRmGI4\" width=\"600\" height=\"338\" title=\"&#8220;Nare\u0111eno izmje\u0161tanje 19 lokala zbog tranzita&#8221; &#8212; Sand\u017eak PRESS\" data-secret=\"LGQWeRmGI4\" frameborder=\"0\" marginwidth=\"0\" marginheight=\"0\" scrolling=\"no\" class=\"wp-embedded-content\"><\/iframe><script type=\"text\/javascript\">\n\/* <![CDATA[ *\/\n\/*! This file is auto-generated *\/\n!function(d,l){\"use strict\";l.querySelector&&d.addEventListener&&\"undefined\"!=typeof URL&&(d.wp=d.wp||{},d.wp.receiveEmbedMessage||(d.wp.receiveEmbedMessage=function(e){var t=e.data;if((t||t.secret||t.message||t.value)&&!\/[^a-zA-Z0-9]\/.test(t.secret)){for(var s,r,n,a=l.querySelectorAll('iframe[data-secret=\"'+t.secret+'\"]'),o=l.querySelectorAll('blockquote[data-secret=\"'+t.secret+'\"]'),c=new RegExp(\"^https?:$\",\"i\"),i=0;i<o.length;i++)o[i].style.display=\"none\";for(i=0;i<a.length;i++)s=a[i],e.source===s.contentWindow&&(s.removeAttribute(\"style\"),\"height\"===t.message?(1e3<(r=parseInt(t.value,10))?r=1e3:~~r<200&&(r=200),s.height=r):\"link\"===t.message&&(r=new URL(s.getAttribute(\"src\")),n=new URL(t.value),c.test(n.protocol))&&n.host===r.host&&l.activeElement===s&&(d.top.location.href=t.value))}},d.addEventListener(\"message\",d.wp.receiveEmbedMessage,!1),l.addEventListener(\"DOMContentLoaded\",function(){for(var e,t,s=l.querySelectorAll(\"iframe.wp-embedded-content\"),r=0;r<s.length;r++)(t=(e=s[r]).getAttribute(\"data-secret\"))||(t=Math.random().toString(36).substring(2,12),e.src+=\"#?secret=\"+t,e.setAttribute(\"data-secret\",t)),e.contentWindow.postMessage({message:\"ready\",secret:t},\"*\")},!1)))}(window,document);\n\/* ]]> *\/\n<\/script>\n","thumbnail_url":"https:\/\/sandzakpress.net\/arhiva\/wp-content\/uploads\/2010\/10\/sjenica_objekti.jpg","thumbnail_width":225,"thumbnail_height":150,"description":"Sjenica &#8211; Odlukom sjeni\u010dkog Op\u0161tinskog vije\u0107a 19 monta\u017enih, uslu\u017eno trgovinskih poslovnih objekata u privatnom vlasni\u0161tvu, postavljenih na javnim povr\u0161inama pored Zelene pijace i Osnovne \u0161kole \u201e12. decembar\u201c, bi\u0107e izmje\u0161teno do kraja mjeseca, javlja Radio Sto Plus. Dok predstavnici op\u0161tinske vlasti tvrde da je, takva odluka neophodna kako bi se obezbijedilo nesmetano funkcionisanje tranzita, vlasnici pomenutih [&hellip;]"}