{"version":"1.0","provider_name":"Sand\u017eak PRESS","provider_url":"https:\/\/sandzakpress.net\/arhiva","author_name":"bosniak","author_url":"https:\/\/sandzakpress.net\/arhiva\/author\/bosniak\/","title":"Mujevi\u0107: Tra\u017eili su mito od 1500 evra","type":"rich","width":600,"height":338,"html":"<blockquote class=\"wp-embedded-content\" data-secret=\"7XJPtTVeSL\"><a href=\"https:\/\/sandzakpress.net\/arhiva\/mujevic-trazili-su-mito-od-1500-evra\/\">Mujevi\u0107: Tra\u017eili su mito od 1500 evra<\/a><\/blockquote><iframe sandbox=\"allow-scripts\" security=\"restricted\" src=\"https:\/\/sandzakpress.net\/arhiva\/mujevic-trazili-su-mito-od-1500-evra\/embed\/#?secret=7XJPtTVeSL\" width=\"600\" height=\"338\" title=\"&#8220;Mujevi\u0107: Tra\u017eili su mito od 1500 evra&#8221; &#8212; Sand\u017eak PRESS\" data-secret=\"7XJPtTVeSL\" frameborder=\"0\" marginwidth=\"0\" marginheight=\"0\" scrolling=\"no\" class=\"wp-embedded-content\"><\/iframe><script type=\"text\/javascript\">\n\/* <![CDATA[ *\/\n\/*! This file is auto-generated *\/\n!function(d,l){\"use strict\";l.querySelector&&d.addEventListener&&\"undefined\"!=typeof URL&&(d.wp=d.wp||{},d.wp.receiveEmbedMessage||(d.wp.receiveEmbedMessage=function(e){var t=e.data;if((t||t.secret||t.message||t.value)&&!\/[^a-zA-Z0-9]\/.test(t.secret)){for(var s,r,n,a=l.querySelectorAll('iframe[data-secret=\"'+t.secret+'\"]'),o=l.querySelectorAll('blockquote[data-secret=\"'+t.secret+'\"]'),c=new RegExp(\"^https?:$\",\"i\"),i=0;i<o.length;i++)o[i].style.display=\"none\";for(i=0;i<a.length;i++)s=a[i],e.source===s.contentWindow&&(s.removeAttribute(\"style\"),\"height\"===t.message?(1e3<(r=parseInt(t.value,10))?r=1e3:~~r<200&&(r=200),s.height=r):\"link\"===t.message&&(r=new URL(s.getAttribute(\"src\")),n=new URL(t.value),c.test(n.protocol))&&n.host===r.host&&l.activeElement===s&&(d.top.location.href=t.value))}},d.addEventListener(\"message\",d.wp.receiveEmbedMessage,!1),l.addEventListener(\"DOMContentLoaded\",function(){for(var e,t,s=l.querySelectorAll(\"iframe.wp-embedded-content\"),r=0;r<s.length;r++)(t=(e=s[r]).getAttribute(\"data-secret\"))||(t=Math.random().toString(36).substring(2,12),e.src+=\"#?secret=\"+t,e.setAttribute(\"data-secret\",t)),e.contentWindow.postMessage({message:\"ready\",secret:t},\"*\")},!1)))}(window,document);\n\/* ]]> *\/\n<\/script>\n","thumbnail_url":"https:\/\/sandzakpress.net\/arhiva\/wp-content\/uploads\/2014\/10\/hron923102014-660x330.jpg","thumbnail_width":660,"thumbnail_height":330,"description":"Ro\u017eaje &#8211; Ro\u00ad\u017ea\u00adjac Ad\u00admir Mu\u00adje\u00advi\u0107 op\u00adtu\u00ad\u017eio je za mi\u00adto, ko\u00adrup\u00adci\u00adju i ucje\u00adnu Ibra\u00adhi\u00adma Be\u00ad\u0107i\u00adra\u00adgi\u00ad\u0107a i Ja\u00adha De\u00admi\u00ad\u0107a, za\u00adpo\u00adsle\u00adne u Ca\u00adrin\u00adskoj is\u00adpo\u00adsta\u00advi u Ro\u00ad\u017ea\u00adja\u00adma, i o to\u00adme je ju\u00ad\u010de oba\u00advi\u00adje\u00adstio po\u00adli\u00adci\u00adju. Is\u00adta\u00adkao je da ca\u00adri\u00adni\u00adci vi\u00ad\u0161e od de\u00advet mje\u00adse\u00adci dr\u00ad\u017ee na ca\u00adrin\u00adskom ter\u00admi\u00adna\u00adlu u Ro\u00ad\u017ea\u00adja\u00adma ka\u00admi\u00adon ko\u00adji je uve\u00adzao iz Nje\u00adma\u010d\u00adke i za ko\u00adji ima is\u00adprav\u00adnu [&hellip;]"}