{"version":"1.0","provider_name":"Sand\u017eak PRESS","provider_url":"https:\/\/sandzakpress.net\/arhiva","author_name":"bosniak","author_url":"https:\/\/sandzakpress.net\/arhiva\/author\/bosniak\/","title":"Kako je Ugljanin obe\u0107avao dr\u017eavu Sand\u017eak devedesetih?","type":"rich","width":600,"height":338,"html":"<blockquote class=\"wp-embedded-content\" data-secret=\"OnXoCTX1Mx\"><a href=\"https:\/\/sandzakpress.net\/arhiva\/kako-je-ugljanin-obecavao-drzavu-sandzak-devedesetih\/\">Kako je Ugljanin obe\u0107avao dr\u017eavu Sand\u017eak devedesetih?<\/a><\/blockquote><iframe sandbox=\"allow-scripts\" security=\"restricted\" src=\"https:\/\/sandzakpress.net\/arhiva\/kako-je-ugljanin-obecavao-drzavu-sandzak-devedesetih\/embed\/#?secret=OnXoCTX1Mx\" width=\"600\" height=\"338\" title=\"&#8220;Kako je Ugljanin obe\u0107avao dr\u017eavu Sand\u017eak devedesetih?&#8221; &#8212; Sand\u017eak PRESS\" data-secret=\"OnXoCTX1Mx\" frameborder=\"0\" marginwidth=\"0\" marginheight=\"0\" scrolling=\"no\" class=\"wp-embedded-content\"><\/iframe><script type=\"text\/javascript\">\n\/* <![CDATA[ *\/\n\/*! This file is auto-generated *\/\n!function(d,l){\"use strict\";l.querySelector&&d.addEventListener&&\"undefined\"!=typeof URL&&(d.wp=d.wp||{},d.wp.receiveEmbedMessage||(d.wp.receiveEmbedMessage=function(e){var t=e.data;if((t||t.secret||t.message||t.value)&&!\/[^a-zA-Z0-9]\/.test(t.secret)){for(var s,r,n,a=l.querySelectorAll('iframe[data-secret=\"'+t.secret+'\"]'),o=l.querySelectorAll('blockquote[data-secret=\"'+t.secret+'\"]'),c=new RegExp(\"^https?:$\",\"i\"),i=0;i<o.length;i++)o[i].style.display=\"none\";for(i=0;i<a.length;i++)s=a[i],e.source===s.contentWindow&&(s.removeAttribute(\"style\"),\"height\"===t.message?(1e3<(r=parseInt(t.value,10))?r=1e3:~~r<200&&(r=200),s.height=r):\"link\"===t.message&&(r=new URL(s.getAttribute(\"src\")),n=new URL(t.value),c.test(n.protocol))&&n.host===r.host&&l.activeElement===s&&(d.top.location.href=t.value))}},d.addEventListener(\"message\",d.wp.receiveEmbedMessage,!1),l.addEventListener(\"DOMContentLoaded\",function(){for(var e,t,s=l.querySelectorAll(\"iframe.wp-embedded-content\"),r=0;r<s.length;r++)(t=(e=s[r]).getAttribute(\"data-secret\"))||(t=Math.random().toString(36).substring(2,12),e.src+=\"#?secret=\"+t,e.setAttribute(\"data-secret\",t)),e.contentWindow.postMessage({message:\"ready\",secret:t},\"*\")},!1)))}(window,document);\n\/* ]]> *\/\n<\/script>\n","thumbnail_url":"https:\/\/sandzakpress.net\/arhiva\/wp-content\/uploads\/2018\/09\/0-9.jpg","thumbnail_width":480,"thumbnail_height":360,"description":"&#8220;Zadnji \u0107u ja oti\u0107 sa ovih prostora ako se bude i\u0161lo. Ali ja vam ka\u017eem: Ne\u0107emo i\u0107. Ovo \u0107e biti ili zemlja Sand\u017eaka ili zemlja \u0161ehida, ja vam ka\u017eem&#8221; &#8211; ovako je Sulejman Ugljanin propagirao samoopredjeljenje i dr\u017eavu Sand\u017eak 1991. godine sa gradskog stadiona u Novom Pazaru. Nakon \u0161to je Ugljanin izba\u010den iz Vlade R. [&hellip;]"}