{"version":"1.0","provider_name":"Sand\u017eak PRESS","provider_url":"https:\/\/sandzakpress.net\/arhiva","author_name":"Sand\u017eak PRESS","author_url":"https:\/\/sandzakpress.net\/arhiva","title":"Holandska kraljica nakon 33 godina napu\u0161ta prijestolje","type":"rich","width":600,"height":338,"html":"<blockquote class=\"wp-embedded-content\" data-secret=\"qLOcUHVmmr\"><a href=\"https:\/\/sandzakpress.net\/arhiva\/holandska-kraljica-nakon-33-godina-napusta-prijestolje\/\">Holandska kraljica nakon 33 godina napu\u0161ta prijestolje<\/a><\/blockquote><iframe sandbox=\"allow-scripts\" security=\"restricted\" src=\"https:\/\/sandzakpress.net\/arhiva\/holandska-kraljica-nakon-33-godina-napusta-prijestolje\/embed\/#?secret=qLOcUHVmmr\" width=\"600\" height=\"338\" title=\"&#8220;Holandska kraljica nakon 33 godina napu\u0161ta prijestolje&#8221; &#8212; Sand\u017eak PRESS\" data-secret=\"qLOcUHVmmr\" frameborder=\"0\" marginwidth=\"0\" marginheight=\"0\" scrolling=\"no\" class=\"wp-embedded-content\"><\/iframe><script type=\"text\/javascript\">\n\/* <![CDATA[ *\/\n\/*! This file is auto-generated *\/\n!function(d,l){\"use strict\";l.querySelector&&d.addEventListener&&\"undefined\"!=typeof URL&&(d.wp=d.wp||{},d.wp.receiveEmbedMessage||(d.wp.receiveEmbedMessage=function(e){var t=e.data;if((t||t.secret||t.message||t.value)&&!\/[^a-zA-Z0-9]\/.test(t.secret)){for(var s,r,n,a=l.querySelectorAll('iframe[data-secret=\"'+t.secret+'\"]'),o=l.querySelectorAll('blockquote[data-secret=\"'+t.secret+'\"]'),c=new RegExp(\"^https?:$\",\"i\"),i=0;i<o.length;i++)o[i].style.display=\"none\";for(i=0;i<a.length;i++)s=a[i],e.source===s.contentWindow&&(s.removeAttribute(\"style\"),\"height\"===t.message?(1e3<(r=parseInt(t.value,10))?r=1e3:~~r<200&&(r=200),s.height=r):\"link\"===t.message&&(r=new URL(s.getAttribute(\"src\")),n=new URL(t.value),c.test(n.protocol))&&n.host===r.host&&l.activeElement===s&&(d.top.location.href=t.value))}},d.addEventListener(\"message\",d.wp.receiveEmbedMessage,!1),l.addEventListener(\"DOMContentLoaded\",function(){for(var e,t,s=l.querySelectorAll(\"iframe.wp-embedded-content\"),r=0;r<s.length;r++)(t=(e=s[r]).getAttribute(\"data-secret\"))||(t=Math.random().toString(36).substring(2,12),e.src+=\"#?secret=\"+t,e.setAttribute(\"data-secret\",t)),e.contentWindow.postMessage({message:\"ready\",secret:t},\"*\")},!1)))}(window,document);\n\/* ]]> *\/\n<\/script>\n","thumbnail_url":"https:\/\/sandzakpress.net\/arhiva\/wp-content\/uploads\/2013\/01\/holandska-kraljica.jpg","thumbnail_width":347,"thumbnail_height":242,"description":"Holandija &#8211; Kralji\u010din najstariji sin princ Willem Alexander \u0107e do\u0107i na prijestolje umjesto majke Kraljica Holandije Beatrix je objavila da \u0107e na Dan kraljice, 30. aprila, odstupiti sa prijestolja. Od 30. aprila, prijestolje \u0107e preuzeti kralji\u010din stariji sin Willem Alexander. Holandska kraljica smatra da je vrijeme da se povu\u010de sa svoje du\u017enosti s obzirom na [&hellip;]"}