{"version":"1.0","provider_name":"Sand\u017eak PRESS","provider_url":"https:\/\/sandzakpress.net\/arhiva","author_name":"Agencija","author_url":"https:\/\/sandzakpress.net\/arhiva\/author\/agencija\/","title":"Forenzi\u010dar: Presuda Mavri\u0107u zasnovana na nezakonitim dokazima","type":"rich","width":600,"height":338,"html":"<blockquote class=\"wp-embedded-content\" data-secret=\"dvsRrrUggB\"><a href=\"https:\/\/sandzakpress.net\/arhiva\/forenzicar-presuda-mavricu-zasnovana-na-nezakonitim-dokazima\/\">Forenzi\u010dar: Presuda Mavri\u0107u zasnovana na nezakonitim dokazima<\/a><\/blockquote><iframe sandbox=\"allow-scripts\" security=\"restricted\" src=\"https:\/\/sandzakpress.net\/arhiva\/forenzicar-presuda-mavricu-zasnovana-na-nezakonitim-dokazima\/embed\/#?secret=dvsRrrUggB\" width=\"600\" height=\"338\" title=\"&#8220;Forenzi\u010dar: Presuda Mavri\u0107u zasnovana na nezakonitim dokazima&#8221; &#8212; Sand\u017eak PRESS\" data-secret=\"dvsRrrUggB\" frameborder=\"0\" marginwidth=\"0\" marginheight=\"0\" scrolling=\"no\" class=\"wp-embedded-content\"><\/iframe><script type=\"text\/javascript\">\n\/* <![CDATA[ *\/\n\/*! This file is auto-generated *\/\n!function(d,l){\"use strict\";l.querySelector&&d.addEventListener&&\"undefined\"!=typeof URL&&(d.wp=d.wp||{},d.wp.receiveEmbedMessage||(d.wp.receiveEmbedMessage=function(e){var t=e.data;if((t||t.secret||t.message||t.value)&&!\/[^a-zA-Z0-9]\/.test(t.secret)){for(var s,r,n,a=l.querySelectorAll('iframe[data-secret=\"'+t.secret+'\"]'),o=l.querySelectorAll('blockquote[data-secret=\"'+t.secret+'\"]'),c=new RegExp(\"^https?:$\",\"i\"),i=0;i<o.length;i++)o[i].style.display=\"none\";for(i=0;i<a.length;i++)s=a[i],e.source===s.contentWindow&&(s.removeAttribute(\"style\"),\"height\"===t.message?(1e3<(r=parseInt(t.value,10))?r=1e3:~~r<200&&(r=200),s.height=r):\"link\"===t.message&&(r=new URL(s.getAttribute(\"src\")),n=new URL(t.value),c.test(n.protocol))&&n.host===r.host&&l.activeElement===s&&(d.top.location.href=t.value))}},d.addEventListener(\"message\",d.wp.receiveEmbedMessage,!1),l.addEventListener(\"DOMContentLoaded\",function(){for(var e,t,s=l.querySelectorAll(\"iframe.wp-embedded-content\"),r=0;r<s.length;r++)(t=(e=s[r]).getAttribute(\"data-secret\"))||(t=Math.random().toString(36).substring(2,12),e.src+=\"#?secret=\"+t,e.setAttribute(\"data-secret\",t)),e.contentWindow.postMessage({message:\"ready\",secret:t},\"*\")},!1)))}(window,document);\n\/* ]]> *\/\n<\/script>\n","thumbnail_url":"https:\/\/sandzakpress.net\/arhiva\/wp-content\/uploads\/2019\/12\/mavric.jpg","thumbnail_width":736,"thumbnail_height":540,"description":"Stranka pravde i pomirenja organizirala je konferenciju za novinare \u010dija je tema bila slu\u010daj Fahrudina Mavri\u0107a koji je osu\u0111en na 30 godina zatvora zbog ubistva policajca \u017deljka Ze\u010devi\u0107a, koje se dogodilo 02.marta 2010. godine u Batrgama. Ovaj slu\u010daj izazvao je posebnu pa\u017enju javnosti u Sand\u017eaku jer su vi\u0161e puta prezentirani izvje\u0161taji koji pokazuju da na [&hellip;]"}