{"version":"1.0","provider_name":"Sand\u017eak PRESS","provider_url":"https:\/\/sandzakpress.net\/arhiva","author_name":"bosniak","author_url":"https:\/\/sandzakpress.net\/arhiva\/author\/bosniak\/","title":"Dragan \u010covi\u0107 jedini pre\u0161utio presudu Mladi\u0107u","type":"rich","width":600,"height":338,"html":"<blockquote class=\"wp-embedded-content\" data-secret=\"eDYNyl01Sl\"><a href=\"https:\/\/sandzakpress.net\/arhiva\/dragan-covic-jedini-presutio-presudu-mladicu\/\">Dragan \u010covi\u0107 jedini pre\u0161utio presudu Mladi\u0107u<\/a><\/blockquote><iframe sandbox=\"allow-scripts\" security=\"restricted\" src=\"https:\/\/sandzakpress.net\/arhiva\/dragan-covic-jedini-presutio-presudu-mladicu\/embed\/#?secret=eDYNyl01Sl\" width=\"600\" height=\"338\" title=\"&#8220;Dragan \u010covi\u0107 jedini pre\u0161utio presudu Mladi\u0107u&#8221; &#8212; Sand\u017eak PRESS\" data-secret=\"eDYNyl01Sl\" frameborder=\"0\" marginwidth=\"0\" marginheight=\"0\" scrolling=\"no\" class=\"wp-embedded-content\"><\/iframe><script type=\"text\/javascript\">\n\/* <![CDATA[ *\/\n\/*! This file is auto-generated *\/\n!function(d,l){\"use strict\";l.querySelector&&d.addEventListener&&\"undefined\"!=typeof URL&&(d.wp=d.wp||{},d.wp.receiveEmbedMessage||(d.wp.receiveEmbedMessage=function(e){var t=e.data;if((t||t.secret||t.message||t.value)&&!\/[^a-zA-Z0-9]\/.test(t.secret)){for(var s,r,n,a=l.querySelectorAll('iframe[data-secret=\"'+t.secret+'\"]'),o=l.querySelectorAll('blockquote[data-secret=\"'+t.secret+'\"]'),c=new RegExp(\"^https?:$\",\"i\"),i=0;i<o.length;i++)o[i].style.display=\"none\";for(i=0;i<a.length;i++)s=a[i],e.source===s.contentWindow&&(s.removeAttribute(\"style\"),\"height\"===t.message?(1e3<(r=parseInt(t.value,10))?r=1e3:~~r<200&&(r=200),s.height=r):\"link\"===t.message&&(r=new URL(s.getAttribute(\"src\")),n=new URL(t.value),c.test(n.protocol))&&n.host===r.host&&l.activeElement===s&&(d.top.location.href=t.value))}},d.addEventListener(\"message\",d.wp.receiveEmbedMessage,!1),l.addEventListener(\"DOMContentLoaded\",function(){for(var e,t,s=l.querySelectorAll(\"iframe.wp-embedded-content\"),r=0;r<s.length;r++)(t=(e=s[r]).getAttribute(\"data-secret\"))||(t=Math.random().toString(36).substring(2,12),e.src+=\"#?secret=\"+t,e.setAttribute(\"data-secret\",t)),e.contentWindow.postMessage({message:\"ready\",secret:t},\"*\")},!1)))}(window,document);\n\/* ]]> *\/\n<\/script>\n","thumbnail_url":"https:\/\/sandzakpress.net\/arhiva\/wp-content\/uploads\/2017\/11\/ovicCC81-afganistan4-e1511368012876-595x340.jpg","thumbnail_width":595,"thumbnail_height":340,"description":"U moru reakcija na do\u017eivotnu kaznu zlo\u010dincu Ratku Mladi\u0107u danas se ipak izdvojilo nereagiranje predsjedavaju\u0107eg Predsjedni\u0161tva dr\u017eave na \u010dijem je tlu ovaj zlo\u010dinac po\u010dinio, kako je to sudsko Vije\u0107e navelo, zlo\u010dine koji su \u201cme\u0111u najgnusnijima poznatima \u010dovje\u010danstvu\u201d. Dragan \u010covi\u0107 danas je prisustvovao sve\u010danoj ceremoniji obilje\u017eavanja Dana Oru\u017eanih snaga BiH u bazi Bagram u Afganistanu. Slu\u017eba [&hellip;]"}