{"version":"1.0","provider_name":"Sand\u017eak PRESS","provider_url":"https:\/\/sandzakpress.net\/arhiva","author_name":"bosniak","author_url":"https:\/\/sandzakpress.net\/arhiva\/author\/bosniak\/","title":"Dostojanstveno obilje\u017een Dan Srebrenice u Skoplju","type":"rich","width":600,"height":338,"html":"<blockquote class=\"wp-embedded-content\" data-secret=\"29u1rWAvYj\"><a href=\"https:\/\/sandzakpress.net\/arhiva\/dostojanstveno-obiljezen-dan-srebrenice-u-skoplju\/\">Dostojanstveno obilje\u017een Dan Srebrenice u Skoplju<\/a><\/blockquote><iframe sandbox=\"allow-scripts\" security=\"restricted\" src=\"https:\/\/sandzakpress.net\/arhiva\/dostojanstveno-obiljezen-dan-srebrenice-u-skoplju\/embed\/#?secret=29u1rWAvYj\" width=\"600\" height=\"338\" title=\"&#8220;Dostojanstveno obilje\u017een Dan Srebrenice u Skoplju&#8221; &#8212; Sand\u017eak PRESS\" data-secret=\"29u1rWAvYj\" frameborder=\"0\" marginwidth=\"0\" marginheight=\"0\" scrolling=\"no\" class=\"wp-embedded-content\"><\/iframe><script type=\"text\/javascript\">\n\/* <![CDATA[ *\/\n\/*! This file is auto-generated *\/\n!function(d,l){\"use strict\";l.querySelector&&d.addEventListener&&\"undefined\"!=typeof URL&&(d.wp=d.wp||{},d.wp.receiveEmbedMessage||(d.wp.receiveEmbedMessage=function(e){var t=e.data;if((t||t.secret||t.message||t.value)&&!\/[^a-zA-Z0-9]\/.test(t.secret)){for(var s,r,n,a=l.querySelectorAll('iframe[data-secret=\"'+t.secret+'\"]'),o=l.querySelectorAll('blockquote[data-secret=\"'+t.secret+'\"]'),c=new RegExp(\"^https?:$\",\"i\"),i=0;i<o.length;i++)o[i].style.display=\"none\";for(i=0;i<a.length;i++)s=a[i],e.source===s.contentWindow&&(s.removeAttribute(\"style\"),\"height\"===t.message?(1e3<(r=parseInt(t.value,10))?r=1e3:~~r<200&&(r=200),s.height=r):\"link\"===t.message&&(r=new URL(s.getAttribute(\"src\")),n=new URL(t.value),c.test(n.protocol))&&n.host===r.host&&l.activeElement===s&&(d.top.location.href=t.value))}},d.addEventListener(\"message\",d.wp.receiveEmbedMessage,!1),l.addEventListener(\"DOMContentLoaded\",function(){for(var e,t,s=l.querySelectorAll(\"iframe.wp-embedded-content\"),r=0;r<s.length;r++)(t=(e=s[r]).getAttribute(\"data-secret\"))||(t=Math.random().toString(36).substring(2,12),e.src+=\"#?secret=\"+t,e.setAttribute(\"data-secret\",t)),e.contentWindow.postMessage({message:\"ready\",secret:t},\"*\")},!1)))}(window,document);\n\/* ]]> *\/\n<\/script>\n","thumbnail_url":"https:\/\/sandzakpress.net\/arhiva\/wp-content\/uploads\/2015\/07\/DSCN4395_600w_80c_vhigh.jpg","thumbnail_width":600,"thumbnail_height":450,"description":"Makedonija &#8211; 11. Jula\u00a0je u Skoplju, sa po\u010detkom u 13 \u010dasova, sa trga ispred Murat-pa\u0161ine d\u017eamije u Skopskoj \u010dar\u0161iji krenuo je Mar\u0161 mira za Srebrenicu u cilju obilje\u017eavanja 20 godina od genocida u Srebrenicu. Na taj na\u010din su se Bo\u0161njaci u Makedoniji u organizaciji Bo\u0161nja\u010dke kulturne zajednice priklju\u010dili svjetskom obilje\u017eavanju srebreni\u010dkog genocida sa porukom da [&hellip;]"}