{"version":"1.0","provider_name":"Sand\u017eak PRESS","provider_url":"https:\/\/sandzakpress.net\/arhiva","author_name":"Agencija","author_url":"https:\/\/sandzakpress.net\/arhiva\/author\/agencija\/","title":"Bosna je ve\u0107 555 godina satrapija","type":"rich","width":600,"height":338,"html":"<blockquote class=\"wp-embedded-content\" data-secret=\"AoHXbNegw5\"><a href=\"https:\/\/sandzakpress.net\/arhiva\/bosna-je-vec-555-godina-satrapija\/\">Bosna je ve\u0107 555 godina satrapija<\/a><\/blockquote><iframe sandbox=\"allow-scripts\" security=\"restricted\" src=\"https:\/\/sandzakpress.net\/arhiva\/bosna-je-vec-555-godina-satrapija\/embed\/#?secret=AoHXbNegw5\" width=\"600\" height=\"338\" title=\"&#8220;Bosna je ve\u0107 555 godina satrapija&#8221; &#8212; Sand\u017eak PRESS\" data-secret=\"AoHXbNegw5\" frameborder=\"0\" marginwidth=\"0\" marginheight=\"0\" scrolling=\"no\" class=\"wp-embedded-content\"><\/iframe><script type=\"text\/javascript\">\n\/* <![CDATA[ *\/\n\/*! This file is auto-generated *\/\n!function(d,l){\"use strict\";l.querySelector&&d.addEventListener&&\"undefined\"!=typeof URL&&(d.wp=d.wp||{},d.wp.receiveEmbedMessage||(d.wp.receiveEmbedMessage=function(e){var t=e.data;if((t||t.secret||t.message||t.value)&&!\/[^a-zA-Z0-9]\/.test(t.secret)){for(var s,r,n,a=l.querySelectorAll('iframe[data-secret=\"'+t.secret+'\"]'),o=l.querySelectorAll('blockquote[data-secret=\"'+t.secret+'\"]'),c=new RegExp(\"^https?:$\",\"i\"),i=0;i<o.length;i++)o[i].style.display=\"none\";for(i=0;i<a.length;i++)s=a[i],e.source===s.contentWindow&&(s.removeAttribute(\"style\"),\"height\"===t.message?(1e3<(r=parseInt(t.value,10))?r=1e3:~~r<200&&(r=200),s.height=r):\"link\"===t.message&&(r=new URL(s.getAttribute(\"src\")),n=new URL(t.value),c.test(n.protocol))&&n.host===r.host&&l.activeElement===s&&(d.top.location.href=t.value))}},d.addEventListener(\"message\",d.wp.receiveEmbedMessage,!1),l.addEventListener(\"DOMContentLoaded\",function(){for(var e,t,s=l.querySelectorAll(\"iframe.wp-embedded-content\"),r=0;r<s.length;r++)(t=(e=s[r]).getAttribute(\"data-secret\"))||(t=Math.random().toString(36).substring(2,12),e.src+=\"#?secret=\"+t,e.setAttribute(\"data-secret\",t)),e.contentWindow.postMessage({message:\"ready\",secret:t},\"*\")},!1)))}(window,document);\n\/* ]]> *\/\n<\/script>\n","thumbnail_url":"https:\/\/sandzakpress.net\/arhiva\/wp-content\/uploads\/2018\/05\/Capture-17.jpg","thumbnail_width":520,"thumbnail_height":750,"description":"Pi\u0161e: Hakija \u0110ozi\u0107 Podsjetimo se sad da na\u0161i gra\u0111ani 5 lipnja 2018. godine (imaju\u0107i u vidu da je tog datuma 1463. godine izvr\u0161ena \u00a0eutanazija bosanskog kralja Stjepan Toma\u0161evi\u0107) \u00a0mogu da obilje\u017ee 555 godina tzv. protektorata (Osmanskog Carstva, Austrougarskog Carstvo, Kraljevine Jugoslavija, diktature Socijalisti\u010dke Jugoslavije, Ujedinih Nacija). Na\u0161i gra\u0111ani ve\u0107 dugo \u017eive pod vla\u0161\u0107u namjesnika, \u0161to [&hellip;]"}