{"version":"1.0","provider_name":"Sand\u017eak PRESS","provider_url":"https:\/\/sandzakpress.net\/arhiva","author_name":"bosniak","author_url":"https:\/\/sandzakpress.net\/arhiva\/author\/bosniak\/","title":"Bir\u0111ozli\u0107 na festivalu u Vrnja\u010dkoj banji","type":"rich","width":600,"height":338,"html":"<blockquote class=\"wp-embedded-content\" data-secret=\"EQts6F758E\"><a href=\"https:\/\/sandzakpress.net\/arhiva\/birdozlic-na-festivalu-u-vrnjackoj-banji\/\">Bir\u0111ozli\u0107 na festivalu u Vrnja\u010dkoj banji<\/a><\/blockquote><iframe sandbox=\"allow-scripts\" security=\"restricted\" src=\"https:\/\/sandzakpress.net\/arhiva\/birdozlic-na-festivalu-u-vrnjackoj-banji\/embed\/#?secret=EQts6F758E\" width=\"600\" height=\"338\" title=\"&#8220;Bir\u0111ozli\u0107 na festivalu u Vrnja\u010dkoj banji&#8221; &#8212; Sand\u017eak PRESS\" data-secret=\"EQts6F758E\" frameborder=\"0\" marginwidth=\"0\" marginheight=\"0\" scrolling=\"no\" class=\"wp-embedded-content\"><\/iframe><script type=\"text\/javascript\">\n\/* <![CDATA[ *\/\n\/*! This file is auto-generated *\/\n!function(d,l){\"use strict\";l.querySelector&&d.addEventListener&&\"undefined\"!=typeof URL&&(d.wp=d.wp||{},d.wp.receiveEmbedMessage||(d.wp.receiveEmbedMessage=function(e){var t=e.data;if((t||t.secret||t.message||t.value)&&!\/[^a-zA-Z0-9]\/.test(t.secret)){for(var s,r,n,a=l.querySelectorAll('iframe[data-secret=\"'+t.secret+'\"]'),o=l.querySelectorAll('blockquote[data-secret=\"'+t.secret+'\"]'),c=new RegExp(\"^https?:$\",\"i\"),i=0;i<o.length;i++)o[i].style.display=\"none\";for(i=0;i<a.length;i++)s=a[i],e.source===s.contentWindow&&(s.removeAttribute(\"style\"),\"height\"===t.message?(1e3<(r=parseInt(t.value,10))?r=1e3:~~r<200&&(r=200),s.height=r):\"link\"===t.message&&(r=new URL(s.getAttribute(\"src\")),n=new URL(t.value),c.test(n.protocol))&&n.host===r.host&&l.activeElement===s&&(d.top.location.href=t.value))}},d.addEventListener(\"message\",d.wp.receiveEmbedMessage,!1),l.addEventListener(\"DOMContentLoaded\",function(){for(var e,t,s=l.querySelectorAll(\"iframe.wp-embedded-content\"),r=0;r<s.length;r++)(t=(e=s[r]).getAttribute(\"data-secret\"))||(t=Math.random().toString(36).substring(2,12),e.src+=\"#?secret=\"+t,e.setAttribute(\"data-secret\",t)),e.contentWindow.postMessage({message:\"ready\",secret:t},\"*\")},!1)))}(window,document);\n\/* ]]> *\/\n<\/script>\n","thumbnail_url":"https:\/\/sandzakpress.net\/arhiva\/wp-content\/uploads\/2010\/07\/0.jpg","thumbnail_width":480,"thumbnail_height":360,"description":"Novi Pazar &#8211; Novopazarac Imran Bir\u0111ozli\u0107 nastupit \u0107e ve\u010deras na muzi\u010dkom festivalu u Vrnja\u010dkoj banji, u okviru projekta \u201cEvropska zvijezda\u201d koji daje priliku talentovanim ljudima da javno poka\u017eu svoje muzi\u010dko ume\u0107e. Bir\u0111ozli\u0107 je radiju Sto plus rekao da \u0107e dati sve od sebe da na\u0161 grad predstavi u najboljem svjetlu i izrazio o\u010dekivanje da \u0107e [&hellip;]"}