{"version":"1.0","provider_name":"Sand\u017eak PRESS","provider_url":"https:\/\/sandzakpress.net\/arhiva","author_name":"Sand\u017eak PRESS","author_url":"https:\/\/sandzakpress.net\/arhiva","title":"12 razloga za ostavku ministra Emira Suljagi\u0107a","type":"rich","width":600,"height":338,"html":"<blockquote class=\"wp-embedded-content\" data-secret=\"6eOXjWZzia\"><a href=\"https:\/\/sandzakpress.net\/arhiva\/12-razloga-za-ostavku-ministra-emira-suljagica\/\">12 razloga za ostavku ministra Emira Suljagi\u0107a<\/a><\/blockquote><iframe sandbox=\"allow-scripts\" security=\"restricted\" src=\"https:\/\/sandzakpress.net\/arhiva\/12-razloga-za-ostavku-ministra-emira-suljagica\/embed\/#?secret=6eOXjWZzia\" width=\"600\" height=\"338\" title=\"&#8220;12 razloga za ostavku ministra Emira Suljagi\u0107a&#8221; &#8212; Sand\u017eak PRESS\" data-secret=\"6eOXjWZzia\" frameborder=\"0\" marginwidth=\"0\" marginheight=\"0\" scrolling=\"no\" class=\"wp-embedded-content\"><\/iframe><script type=\"text\/javascript\">\n\/* <![CDATA[ *\/\n\/*! This file is auto-generated *\/\n!function(d,l){\"use strict\";l.querySelector&&d.addEventListener&&\"undefined\"!=typeof URL&&(d.wp=d.wp||{},d.wp.receiveEmbedMessage||(d.wp.receiveEmbedMessage=function(e){var t=e.data;if((t||t.secret||t.message||t.value)&&!\/[^a-zA-Z0-9]\/.test(t.secret)){for(var s,r,n,a=l.querySelectorAll('iframe[data-secret=\"'+t.secret+'\"]'),o=l.querySelectorAll('blockquote[data-secret=\"'+t.secret+'\"]'),c=new RegExp(\"^https?:$\",\"i\"),i=0;i<o.length;i++)o[i].style.display=\"none\";for(i=0;i<a.length;i++)s=a[i],e.source===s.contentWindow&&(s.removeAttribute(\"style\"),\"height\"===t.message?(1e3<(r=parseInt(t.value,10))?r=1e3:~~r<200&&(r=200),s.height=r):\"link\"===t.message&&(r=new URL(s.getAttribute(\"src\")),n=new URL(t.value),c.test(n.protocol))&&n.host===r.host&&l.activeElement===s&&(d.top.location.href=t.value))}},d.addEventListener(\"message\",d.wp.receiveEmbedMessage,!1),l.addEventListener(\"DOMContentLoaded\",function(){for(var e,t,s=l.querySelectorAll(\"iframe.wp-embedded-content\"),r=0;r<s.length;r++)(t=(e=s[r]).getAttribute(\"data-secret\"))||(t=Math.random().toString(36).substring(2,12),e.src+=\"#?secret=\"+t,e.setAttribute(\"data-secret\",t)),e.contentWindow.postMessage({message:\"ready\",secret:t},\"*\")},!1)))}(window,document);\n\/* ]]> *\/\n<\/script>\n","thumbnail_url":"https:\/\/sandzakpress.net\/arhiva\/wp-content\/uploads\/2011\/05\/emir_suljagic_vertikala.jpg","thumbnail_width":180,"thumbnail_height":221,"description":"BiH &#8211; Tekstovi se pi\u0161u i radi povijesti, pa bi tako valjalo pro\u010ditati, kada bosanskih muslimana vi\u0161e ne bude, za 20 ili 50 godina, (ne pretjerujem) da je neko ne\u0161to rekao protiv simptoma njihovog nestajanja. Jedan od tih simptoma je odluka da nema smisla da ocjena iz vjeronauke mo\u017ee uticati na prosjek po\u0161to, po ministru, [&hellip;]"}